{"id":633,"date":"2019-05-07T15:08:08","date_gmt":"2019-05-07T15:08:08","guid":{"rendered":"http:\/\/www.partidocolombiarenaciente.co\/web\/?page_id=633"},"modified":"2024-10-09T23:40:27","modified_gmt":"2024-10-09T23:40:27","slug":"ubuntu","status":"publish","type":"page","link":"https:\/\/www.partidocolombiarenaciente.co\/web\/ubuntu\/","title":{"rendered":"UBUNTU"},"content":{"rendered":"\t\t<div data-elementor-type=\"wp-post\" data-elementor-id=\"633\" class=\"elementor elementor-633\" data-elementor-post-type=\"page\">\n\t\t\t\t\t\t<section class=\"elementor-section elementor-top-section elementor-element elementor-element-b11857b elementor-section-boxed elementor-section-height-default elementor-section-height-default\" data-id=\"b11857b\" data-element_type=\"section\" data-settings=\"{&quot;background_background&quot;:&quot;classic&quot;}\">\n\t\t\t\t\t\t\t<div class=\"elementor-background-overlay\"><\/div>\n\t\t\t\t\t\t\t<div class=\"elementor-container elementor-column-gap-default\">\n\t\t\t\t\t<div class=\"elementor-column elementor-col-100 elementor-top-column elementor-element elementor-element-7a165ec\" data-id=\"7a165ec\" data-element_type=\"column\">\n\t\t\t<div class=\"elementor-widget-wrap elementor-element-populated\">\n\t\t\t\t\t\t<div class=\"elementor-element elementor-element-f707027 elementor-widget elementor-widget-heading\" data-id=\"f707027\" data-element_type=\"widget\" data-widget_type=\"heading.default\">\n\t\t\t\t<div class=\"elementor-widget-container\">\n\t\t\t\t\t<h4 class=\"elementor-heading-title elementor-size-default\">#Somos<span style=\"color: #FFFF00\">uno<\/span>con<span style=\"color: #FFFF00\">Todos<\/span><\/h4>\t\t\t\t<\/div>\n\t\t\t\t<\/div>\n\t\t\t\t<div class=\"elementor-element elementor-element-91d667f elementor-widget elementor-widget-heading\" data-id=\"91d667f\" data-element_type=\"widget\" data-widget_type=\"heading.default\">\n\t\t\t\t<div class=\"elementor-widget-container\">\n\t\t\t\t\t<h1 class=\"elementor-heading-title elementor-size-default\">Ubuntu<\/h1>\t\t\t\t<\/div>\n\t\t\t\t<\/div>\n\t\t\t\t\t<\/div>\n\t\t<\/div>\n\t\t\t\t\t<\/div>\n\t\t<\/section>\n\t\t\t\t<section class=\"elementor-section elementor-top-section elementor-element elementor-element-a6035d9 elementor-section-boxed elementor-section-height-default elementor-section-height-default\" data-id=\"a6035d9\" data-element_type=\"section\" id=\"centro-pensamiento\">\n\t\t\t\t\t\t<div class=\"elementor-container elementor-column-gap-default\">\n\t\t\t\t\t<div class=\"elementor-column elementor-col-100 elementor-top-column elementor-element elementor-element-775a75a\" data-id=\"775a75a\" data-element_type=\"column\">\n\t\t\t<div class=\"elementor-widget-wrap elementor-element-populated\">\n\t\t\t\t\t\t<div class=\"elementor-element elementor-element-3351e8b elementor-widget elementor-widget-heading\" data-id=\"3351e8b\" data-element_type=\"widget\" data-widget_type=\"heading.default\">\n\t\t\t\t<div class=\"elementor-widget-container\">\n\t\t\t\t\t<h2 class=\"elementor-heading-title elementor-size-default\">Centro de pensamiento<\/h2>\t\t\t\t<\/div>\n\t\t\t\t<\/div>\n\t\t\t\t<div class=\"elementor-element elementor-element-cee0b89 elementor-widget elementor-widget-text-editor\" data-id=\"cee0b89\" data-element_type=\"widget\" data-widget_type=\"text-editor.default\">\n\t\t\t\t<div class=\"elementor-widget-container\">\n\t\t\t\t\t\t\t\t\tEl Centro de Pensamiento Ubuntu es el \u00f3rgano misional del partido pol\u00edtico Colombia Renaciente encargado de construir y liderar la plataforma ideol\u00f3gica del partido, posicionar la filosof\u00eda Ubuntu y lograr el empoderamiento, desarrollo y visibilizaci\u00f3n de la comunidad Afrocolombiana.\t\t\t\t\t\t\t\t<\/div>\n\t\t\t\t<\/div>\n\t\t\t\t<section class=\"elementor-section elementor-inner-section elementor-element elementor-element-9e712fc elementor-hidden-desktop elementor-hidden-tablet elementor-hidden-mobile elementor-section-boxed elementor-section-height-default elementor-section-height-default\" data-id=\"9e712fc\" data-element_type=\"section\">\n\t\t\t\t\t\t<div class=\"elementor-container elementor-column-gap-default\">\n\t\t\t\t\t<div class=\"elementor-column elementor-col-33 elementor-inner-column elementor-element elementor-element-b3b8a51\" data-id=\"b3b8a51\" data-element_type=\"column\">\n\t\t\t<div class=\"elementor-widget-wrap elementor-element-populated\">\n\t\t\t\t\t\t<div class=\"elementor-element elementor-element-3e9252e elementor-position-top elementor-widget elementor-widget-image-box\" data-id=\"3e9252e\" data-element_type=\"widget\" data-widget_type=\"image-box.default\">\n\t\t\t\t<div class=\"elementor-widget-container\">\n\t\t\t\t\t<div class=\"elementor-image-box-wrapper\"><figure class=\"elementor-image-box-img\"><img decoding=\"async\" width=\"100\" height=\"100\" src=\"https:\/\/www.partidocolombiarenaciente.co\/web\/wp-content\/uploads\/2022\/12\/Solidaridad.png\" class=\"attachment-full size-full wp-image-6494 wvs-archive-product-image\" alt=\"\" \/><\/figure><div class=\"elementor-image-box-content\"><h3 class=\"elementor-image-box-title\">Objetivo<\/h3><p class=\"elementor-image-box-description\">Lorem ipsum dolor sit amet, consectetur adipiscing elit. Ut elit tellus, luctus nec ullamcorper mattis, pulvinar dapibus leo. Lorem ipsum dolor sit amet, consectetur adipiscing elit. Ut elit tellus, luctus nec ullamcorper mattis, pulvinar dapibus leo.\u00a0<\/p><\/div><\/div>\t\t\t\t<\/div>\n\t\t\t\t<\/div>\n\t\t\t\t\t<\/div>\n\t\t<\/div>\n\t\t\t\t<div class=\"elementor-column elementor-col-33 elementor-inner-column elementor-element elementor-element-14ef293\" data-id=\"14ef293\" data-element_type=\"column\">\n\t\t\t<div class=\"elementor-widget-wrap elementor-element-populated\">\n\t\t\t\t\t\t<div class=\"elementor-element elementor-element-da513fd elementor-position-top elementor-widget elementor-widget-image-box\" data-id=\"da513fd\" data-element_type=\"widget\" data-widget_type=\"image-box.default\">\n\t\t\t\t<div class=\"elementor-widget-container\">\n\t\t\t\t\t<div class=\"elementor-image-box-wrapper\"><figure class=\"elementor-image-box-img\"><img decoding=\"async\" width=\"100\" height=\"100\" src=\"https:\/\/www.partidocolombiarenaciente.co\/web\/wp-content\/uploads\/2022\/12\/Dignidad.png\" class=\"attachment-full size-full wp-image-6499 wvs-archive-product-image\" alt=\"\" \/><\/figure><div class=\"elementor-image-box-content\"><h3 class=\"elementor-image-box-title\">Propuesta de valor<\/h3><p class=\"elementor-image-box-description\">Lorem ipsum dolor sit amet, consectetur adipiscing elit. Ut elit tellus, luctus nec ullamcorper mattis, pulvinar dapibus leo. Lorem ipsum dolor sit amet, consectetur adipiscing elit. Ut elit tellus, luctus nec ullamcorper mattis, pulvinar dapibus leo.\u00a0<\/p><\/div><\/div>\t\t\t\t<\/div>\n\t\t\t\t<\/div>\n\t\t\t\t\t<\/div>\n\t\t<\/div>\n\t\t\t\t<div class=\"elementor-column elementor-col-33 elementor-inner-column elementor-element elementor-element-007139c\" data-id=\"007139c\" data-element_type=\"column\">\n\t\t\t<div class=\"elementor-widget-wrap elementor-element-populated\">\n\t\t\t\t\t\t<div class=\"elementor-element elementor-element-ffd2e98 elementor-position-top elementor-widget elementor-widget-image-box\" data-id=\"ffd2e98\" data-element_type=\"widget\" data-widget_type=\"image-box.default\">\n\t\t\t\t<div class=\"elementor-widget-container\">\n\t\t\t\t\t<div class=\"elementor-image-box-wrapper\"><figure class=\"elementor-image-box-img\"><img decoding=\"async\" width=\"100\" height=\"100\" src=\"https:\/\/www.partidocolombiarenaciente.co\/web\/wp-content\/uploads\/2022\/11\/Innovacion.png\" class=\"attachment-full size-full wp-image-6143 wvs-archive-product-image\" alt=\"\" \/><\/figure><div class=\"elementor-image-box-content\"><h3 class=\"elementor-image-box-title\">Descripci\u00f3n <\/h3><p class=\"elementor-image-box-description\">Lorem ipsum dolor sit amet, consectetur adipiscing elit. Ut elit tellus, luctus nec ullamcorper mattis, pulvinar dapibus leo. Lorem ipsum dolor sit amet, consectetur adipiscing elit. Ut elit tellus, luctus nec ullamcorper mattis, pulvinar dapibus leo.\u00a0<\/p><\/div><\/div>\t\t\t\t<\/div>\n\t\t\t\t<\/div>\n\t\t\t\t\t<\/div>\n\t\t<\/div>\n\t\t\t\t\t<\/div>\n\t\t<\/section>\n\t\t\t\t\t<\/div>\n\t\t<\/div>\n\t\t\t\t\t<\/div>\n\t\t<\/section>\n\t\t\t\t<section class=\"elementor-section elementor-top-section elementor-element elementor-element-462c6b9 elementor-section-full_width elementor-section-height-default elementor-section-height-default\" data-id=\"462c6b9\" data-element_type=\"section\">\n\t\t\t\t\t\t<div class=\"elementor-container elementor-column-gap-default\">\n\t\t\t\t\t<div class=\"elementor-column elementor-col-100 elementor-top-column elementor-element elementor-element-76234d3\" data-id=\"76234d3\" data-element_type=\"column\">\n\t\t\t<div class=\"elementor-widget-wrap elementor-element-populated\">\n\t\t\t\t\t\t<div class=\"elementor-element elementor-element-3a2b7a1 elementor-widget elementor-widget-text-editor\" data-id=\"3a2b7a1\" data-element_type=\"widget\" data-widget_type=\"text-editor.default\">\n\t\t\t\t<div class=\"elementor-widget-container\">\n\t\t\t\t\t\t\t\t\t\t\t<div data-elementor-type=\"section\" data-elementor-id=\"6198\" class=\"elementor elementor-6198\" data-elementor-post-type=\"elementor_library\">\n\t\t\t\t\t<section class=\"elementor-section elementor-top-section elementor-element elementor-element-eaf6397 elementor-section-boxed elementor-section-height-default elementor-section-height-default\" data-id=\"eaf6397\" data-element_type=\"section\" data-settings=\"{&quot;background_background&quot;:&quot;classic&quot;}\">\n\t\t\t\t\t\t<div class=\"elementor-container elementor-column-gap-default\">\n\t\t\t\t\t<div class=\"elementor-column elementor-col-100 elementor-top-column elementor-element elementor-element-7f46e2c\" data-id=\"7f46e2c\" data-element_type=\"column\">\n\t\t\t<div class=\"elementor-widget-wrap elementor-element-populated\">\n\t\t\t\t\t\t<div class=\"elementor-element elementor-element-ac80147 elementor-widget elementor-widget-heading\" data-id=\"ac80147\" data-element_type=\"widget\" data-widget_type=\"heading.default\">\n\t\t\t\t<div class=\"elementor-widget-container\">\n\t\t\t\t\t<h2 class=\"elementor-heading-title elementor-size-default\">HAZTE MILITANTE<\/h2>\t\t\t\t<\/div>\n\t\t\t\t<\/div>\n\t\t\t\t<div class=\"elementor-element elementor-element-a1829ee elementor-widget elementor-widget-heading\" data-id=\"a1829ee\" data-element_type=\"widget\" data-widget_type=\"heading.default\">\n\t\t\t\t<div class=\"elementor-widget-container\">\n\t\t\t\t\t<h4 class=\"elementor-heading-title elementor-size-default\">\u00danete a Colombia Renaciente Sin m\u00e1s etiquetas ni polarizaci\u00f3n, Simplemente por ser colombianos<\/h4>\t\t\t\t<\/div>\n\t\t\t\t<\/div>\n\t\t\t\t<div class=\"elementor-element elementor-element-307eb57 elementor-align-center elementor-mobile-align-center elementor-widget elementor-widget-button\" data-id=\"307eb57\" data-element_type=\"widget\" data-widget_type=\"button.default\">\n\t\t\t\t<div class=\"elementor-widget-container\">\n\t\t\t\t\t\t\t\t\t<div class=\"elementor-button-wrapper\">\n\t\t\t\t\t<a class=\"elementor-button elementor-button-link elementor-size-sm\" href=\"https:\/\/www.conele.co\/formulario\" target=\"_blank\">\n\t\t\t\t\t\t<span class=\"elementor-button-content-wrapper\">\n\t\t\t\t\t\t\t\t\t<span class=\"elementor-button-text\">Afiliate aqui<\/span>\n\t\t\t\t\t<\/span>\n\t\t\t\t\t<\/a>\n\t\t\t\t<\/div>\n\t\t\t\t\t\t\t\t<\/div>\n\t\t\t\t<\/div>\n\t\t\t\t\t<\/div>\n\t\t<\/div>\n\t\t\t\t\t<\/div>\n\t\t<\/section>\n\t\t\t\t<\/div>\n\t\t\t\t\t\t\t\t\t\t<\/div>\n\t\t\t\t<\/div>\n\t\t\t\t\t<\/div>\n\t\t<\/div>\n\t\t\t\t\t<\/div>\n\t\t<\/section>\n\t\t\t\t<section class=\"elementor-section elementor-top-section elementor-element elementor-element-fba9870 elementor-section-boxed elementor-section-height-default elementor-section-height-default\" data-id=\"fba9870\" data-element_type=\"section\" id=\"que-es-ubuntu\">\n\t\t\t\t\t\t<div class=\"elementor-container elementor-column-gap-default\">\n\t\t\t\t\t<div class=\"elementor-column elementor-col-100 elementor-top-column elementor-element elementor-element-67327b8\" data-id=\"67327b8\" data-element_type=\"column\">\n\t\t\t<div class=\"elementor-widget-wrap elementor-element-populated\">\n\t\t\t\t\t\t<div class=\"elementor-element elementor-element-d3f7d04 elementor-widget elementor-widget-heading\" data-id=\"d3f7d04\" data-element_type=\"widget\" data-widget_type=\"heading.default\">\n\t\t\t\t<div class=\"elementor-widget-container\">\n\t\t\t\t\t<h2 class=\"elementor-heading-title elementor-size-default\">\u00bfQUE ES UBUNTU?<\/h2>\t\t\t\t<\/div>\n\t\t\t\t<\/div>\n\t\t\t\t<div class=\"elementor-element elementor-element-f30894b elementor-widget elementor-widget-heading\" data-id=\"f30894b\" data-element_type=\"widget\" data-widget_type=\"heading.default\">\n\t\t\t\t<div class=\"elementor-widget-container\">\n\t\t\t\t\t<h3 class=\"elementor-heading-title elementor-size-default\">#Somos<span style=\"color: #DC5A00\">uno<\/span>con<span style=\"color: #DC5A00\">Todos<\/span><\/h3>\t\t\t\t<\/div>\n\t\t\t\t<\/div>\n\t\t\t\t<div class=\"elementor-element elementor-element-58d1d2e elementor-widget elementor-widget-text-editor\" data-id=\"58d1d2e\" data-element_type=\"widget\" data-widget_type=\"text-editor.default\">\n\t\t\t\t<div class=\"elementor-widget-container\">\n\t\t\t\t\t\t\t\t\tUbuntu es una filosof\u00eda africana que ense\u00f1a como se puede construir la humanidad en reciprocidad con el otro, b\u00e1sicamente dice que si tu estas bien, yo estoy bien y eso convertirlo en un bienestar colectivo.\t\t\t\t\t\t\t\t<\/div>\n\t\t\t\t<\/div>\n\t\t\t\t\t<\/div>\n\t\t<\/div>\n\t\t\t\t\t<\/div>\n\t\t<\/section>\n\t\t\t\t<section class=\"elementor-section elementor-top-section elementor-element elementor-element-feebbf2 elementor-section-boxed elementor-section-height-default elementor-section-height-default\" data-id=\"feebbf2\" data-element_type=\"section\" id=\"revista-ubuntu\">\n\t\t\t\t\t\t<div class=\"elementor-container elementor-column-gap-default\">\n\t\t\t\t\t<div class=\"elementor-column elementor-col-100 elementor-top-column elementor-element elementor-element-d62c17c\" data-id=\"d62c17c\" data-element_type=\"column\">\n\t\t\t<div class=\"elementor-widget-wrap elementor-element-populated\">\n\t\t\t\t\t\t<div class=\"elementor-element elementor-element-d2123de elementor-widget elementor-widget-heading\" data-id=\"d2123de\" data-element_type=\"widget\" data-widget_type=\"heading.default\">\n\t\t\t\t<div class=\"elementor-widget-container\">\n\t\t\t\t\t<h2 class=\"elementor-heading-title elementor-size-default\">Biblioteca virtual <\/h2>\t\t\t\t<\/div>\n\t\t\t\t<\/div>\n\t\t\t\t<section class=\"elementor-section elementor-inner-section elementor-element elementor-element-f0540fb elementor-section-boxed elementor-section-height-default elementor-section-height-default\" data-id=\"f0540fb\" data-element_type=\"section\">\n\t\t\t\t\t\t<div class=\"elementor-container elementor-column-gap-default\">\n\t\t\t\t\t<div class=\"elementor-column elementor-col-50 elementor-inner-column elementor-element elementor-element-1aed427\" data-id=\"1aed427\" data-element_type=\"column\">\n\t\t\t<div class=\"elementor-widget-wrap elementor-element-populated\">\n\t\t\t\t\t\t<div class=\"elementor-element elementor-element-c7178e5 elementor-widget elementor-widget-heading\" data-id=\"c7178e5\" data-element_type=\"widget\" data-widget_type=\"heading.default\">\n\t\t\t\t<div class=\"elementor-widget-container\">\n\t\t\t\t\t<h4 class=\"elementor-heading-title elementor-size-default\">Revista Ubuntu<\/h4>\t\t\t\t<\/div>\n\t\t\t\t<\/div>\n\t\t\t\t\t<\/div>\n\t\t<\/div>\n\t\t\t\t<div class=\"elementor-column elementor-col-50 elementor-inner-column elementor-element elementor-element-7727d75\" data-id=\"7727d75\" data-element_type=\"column\">\n\t\t\t<div class=\"elementor-widget-wrap\">\n\t\t\t\t\t\t\t<\/div>\n\t\t<\/div>\n\t\t\t\t\t<\/div>\n\t\t<\/section>\n\t\t\t\t<section class=\"elementor-section elementor-inner-section elementor-element elementor-element-96f77e0 elementor-section-boxed elementor-section-height-default elementor-section-height-default\" data-id=\"96f77e0\" data-element_type=\"section\">\n\t\t\t\t\t\t<div class=\"elementor-container elementor-column-gap-default\">\n\t\t\t\t\t<div class=\"elementor-column elementor-col-100 elementor-inner-column elementor-element elementor-element-de4b7f4\" data-id=\"de4b7f4\" data-element_type=\"column\">\n\t\t\t<div class=\"elementor-widget-wrap elementor-element-populated\">\n\t\t\t\t\t\t<div class=\"elementor-element elementor-element-521b6ad elementor-widget elementor-widget-text-editor\" data-id=\"521b6ad\" data-element_type=\"widget\" data-widget_type=\"text-editor.default\">\n\t\t\t\t<div class=\"elementor-widget-container\">\n\t\t\t\t\t\t\t\t\t<p><span style=\"color: #444444; font-family: Consolas, Monaco, monospace; font-size: 13px; font-style: normal; font-weight: 400; background-color: rgba(0, 0, 0, 0.07);\"><div class=\"_df_book df-lite\" id=\"df_4500\"  _slug=\"revista-ubuntu\" data-title=\"revista-ubuntu\" wpoptions=\"true\" thumb=\"https:\/\/www.partidocolombiarenaciente.co\/web\/wp-content\/uploads\/2019\/09\/ubuntu-philosophy.jpg\" thumbtype=\"\" ><\/div><script class=\"df-shortcode-script\" type=\"application\/javascript\">window.option_df_4500 = {\"outline\":[],\"autoEnableOutline\":\"false\",\"autoEnableThumbnail\":\"false\",\"overwritePDFOutline\":\"false\",\"direction\":\"1\",\"pageSize\":\"0\",\"source\":\"https:\\\/\\\/www.partidocolombiarenaciente.co\\\/web\\\/wp-content\\\/uploads\\\/2021\\\/05\\\/Revista_Ubuntu_Pa\\u0301ginas.pdf\",\"wpOptions\":\"true\"}; if(window.DFLIP && window.DFLIP.parseBooks){window.DFLIP.parseBooks();}<\/script><\/span><\/p>\t\t\t\t\t\t\t\t<\/div>\n\t\t\t\t<\/div>\n\t\t\t\t\t<\/div>\n\t\t<\/div>\n\t\t\t\t\t<\/div>\n\t\t<\/section>\n\t\t\t\t\t<\/div>\n\t\t<\/div>\n\t\t\t\t\t<\/div>\n\t\t<\/section>\n\t\t\t\t<section class=\"elementor-section elementor-top-section elementor-element elementor-element-26ec895 elementor-section-content-top elementor-hidden-desktop elementor-hidden-tablet elementor-hidden-mobile elementor-section-boxed elementor-section-height-default elementor-section-height-default\" data-id=\"26ec895\" data-element_type=\"section\" data-settings=\"{&quot;background_background&quot;:&quot;classic&quot;}\">\n\t\t\t\t\t\t\t<div class=\"elementor-background-overlay\"><\/div>\n\t\t\t\t\t\t\t<div class=\"elementor-container elementor-column-gap-no\">\n\t\t\t\t\t<div class=\"elementor-column elementor-col-100 elementor-top-column elementor-element elementor-element-25b93b5\" data-id=\"25b93b5\" data-element_type=\"column\">\n\t\t\t<div class=\"elementor-widget-wrap elementor-element-populated\">\n\t\t\t\t\t\t<section class=\"elementor-section elementor-inner-section elementor-element elementor-element-64abb4c elementor-section-content-top elementor-section-boxed elementor-section-height-default elementor-section-height-default\" data-id=\"64abb4c\" data-element_type=\"section\">\n\t\t\t\t\t\t<div class=\"elementor-container elementor-column-gap-no\">\n\t\t\t\t\t<div class=\"elementor-column elementor-col-100 elementor-inner-column elementor-element elementor-element-63ef6c4\" data-id=\"63ef6c4\" data-element_type=\"column\">\n\t\t\t<div class=\"elementor-widget-wrap elementor-element-populated\">\n\t\t\t\t\t\t<div class=\"elementor-element elementor-element-585abeb elementor-widget elementor-widget-uael-infobox\" data-id=\"585abeb\" data-element_type=\"widget\" data-widget_type=\"uael-infobox.default\">\n\t\t\t\t<div class=\"elementor-widget-container\">\n\t\t\t\t\t\n<div class=\"uael-module-content uael-infobox  uael-infobox-left  uael-infobox-link-type-none\">\n\t<div class=\"uael-infobox-left-right-wrap\">\n\t\t\t\t\t\t<div class=\"uael-infobox-content\">\n\t\t\t\t\t\t<div class='uael-infobox-title-wrap'><h3 class=\"uael-infobox-title elementor-inline-editing\" data-elementor-setting-key=\"infobox_title\" data-elementor-inline-editing-toolbar=\"basic\" >UBUNTU: PARADIGMA PARA LA COLOMBIA RENACIENTE<\/h3><\/div>\t\t\t\t\t\t\t\t\t<div class=\"uael-infobox-text-wrap\">\n\t\t\t\t<div class=\"uael-infobox-text elementor-inline-editing\" data-elementor-setting-key=\"infobox_description\" data-elementor-inline-editing-toolbar=\"advanced\">\n\t\t\t\t\t<p>Por, Yebrail Haddad<\/p>\n<p> La semana pasada tuvo su lanzamiento nacional el Partido Colombia Renaciente, colectividad que obtuviera su personer\u00eda jur\u00eddica recientemente y que se desarrolla bajo el liderazgo del joven pol\u00edtico afrocolombiano Jhon Arley Murillo.<\/p>\n<p>Pero el asunto que nos concita en este escrito no se referir\u00e1 a los pormenores que rodean la atmosfera pol\u00edtica actual, por lo que solamente me permito traer a colaci\u00f3n a este Partido Pol\u00edtico en cuanto me asiste un inter\u00e9s acad\u00e9mico, debido a la filosof\u00eda que en sus estatutos y forma de vida pol\u00edtica ha adoptado: El Ubuntu.<\/p>\n<p>Aunque fue Wilhem Bleek quien acu\u00f1\u00f3 el t\u00e9rmino Ubuntu por razones meramente ling\u00fc\u00edsticas para identificar un v\u00ednculo sem\u00e1ntico similar entre los hablantes africanos, la palabra brot\u00f3 a la escena pol\u00edtica de la mano del premio nobel de paz Desmond Tutu y se populariz\u00f3 gracias a las elaboraciones discursivas de Nelson Mandela.<\/p>\n<p>Tiene su origen en el proverbio Xhosa: \u201cUbuntu Ungamuntu ngabanye abantu\u201d; que se ha traducido como \u201ccada persona debe expresarse idealmente en relaci\u00f3n con los dem\u00e1s\u201d o \u201cla persona depende de otras personas para ser persona\u201d. (1)<\/p>\n<p>Para Desmond Tutu, quien reflexion\u00f3 sobre la situaci\u00f3n de una Sur\u00e1frica Post Apartheid, Ubuntu significa \u201chumanidad\u201d, y est\u00e1 relacionado tanto a \u201cumuntu\u201d, que es la categor\u00eda de la fuerza humana inteligente, que incluye esp\u00edritu, la muerte y la vida humana; como a \u201cntu\u201d que es el ser divino como metadin\u00e1mico.<\/p>\n<p>De otra parte, en el \u00c1frica de los noventas, cuando el multipartidismo alcanz\u00f3 su apogeo, muchos pa\u00edses recurrieron a la filosof\u00eda \u201cUbuntu\u00edsta\u201d como pr\u00e1ctica tradicional para buscar el consenso en asuntos de relevancia interna. De all\u00ed surgieron las \u201cConferencias Nacionales Soberanas\u201d, y m\u00e1s recientemente ha servido como modelo para la construcci\u00f3n de procesos de justicia restaurativa. (2)<\/p>\n<p>Para Severino Elias Ngoenha, reconocido fil\u00f3sofo de Mozambique, este horizonte de entendimiento del \u201cser\u201d ser\u00eda un gran aporte africano, en t\u00e9rminos de pr\u00e1ctica y teor\u00eda, al debate de la filosof\u00eda pol\u00edtica donde la justicia es eje central, en la medida en que se concibe una humanidad igual en dignidad, y en caso tal que una persona sufra un menoscabo o da\u00f1o, la reparaci\u00f3n de ese acto consiste en la restauraci\u00f3n de esa dignidad; pasando por ende del concepto de justicia punitiva a la restaurativa.<\/p>\n<p>Mandela, recogi\u00f3 la acepci\u00f3n y la llev\u00f3 a su propio gobierno, para se\u00f1alar que una persona tiene Ubuntu cuando quiera que es solidaria con los dem\u00e1s, una persona que sabe conmoverse ante una situaci\u00f3n dif\u00edcil en la que est\u00e1 su pr\u00f3jimo; pero que tambi\u00e9n act\u00faa con lealtad hacia su conglomerado humano o forma asociativa.<\/p>\n<p>En conclusi\u00f3n, parafraseando a Leopoldo Zea, Ubuntu es una forma de justicia que afirma la dignidad e igualdad humana desde la diferencia. (3)<\/p>\n<p>Seguramente sonar\u00e1 a clich\u00e9 y a verdad de Perogrullo, pero la pol\u00edtica, el mundo y los seres humanos podr\u00edamos ser mejores si todos practic\u00e1ramos el Ubuntu, que se parece mucho a los principios de Jesucristo y a otras formas de concebir el mundo basadas en el respeto al pr\u00f3jimo y la fidelidad por la palabra dada.<\/p>\n<p>He aqu\u00ed un buen comienzo.<\/p>\n<p>___________<\/p>\n<p>Notas:<\/p>\n<p>(1) Battle, Michael. The Ubuntu Theology of Desmond Tutu. The Piligram Press. Cleveland. Ohio. 2009. Pp. 39<\/p>\n<p>(2) Buatu Butabenge, Omer. Elementos hist\u00f3rico-culturales en la construcci\u00f3n de la democracia para \u00c1frica y su importancia para Am\u00e9rica Latina. El caso de la Conferencia Nacional Soberana Africana. Tesis doctoral en estudios Latinoamericanos. FFyL\/UNAM. 2003.<\/p>\n<p>(3) Citado por: Jean Bosco Kakozi Kashindi. En: Ubuntu como modelo de justicia restaurativa. Un aporte africano al debate sobre la igualdad y la dignidad humana. Ponencia presentada en el XIII Congreso Internacional de ALADAA. Bogot\u00e1. Marzo 23 al 25 de 2011.<\/p>\n<p>...En CONSTRUCCI\u00d3N<\/p>\t\t\t\t<\/div>\n\t\t\t\t\t\n\t\t\t\t\t\t\t<\/div>\n\t\t<\/div>\n\t\t\t<\/div>\n<\/div>\n\t\t\t\t<\/div>\n\t\t\t\t<\/div>\n\t\t\t\t\t<\/div>\n\t\t<\/div>\n\t\t\t\t\t<\/div>\n\t\t<\/section>\n\t\t\t\t\t<\/div>\n\t\t<\/div>\n\t\t\t\t\t<\/div>\n\t\t<\/section>\n\t\t\t\t<section class=\"elementor-section elementor-top-section elementor-element elementor-element-2e264d5 elementor-section-boxed elementor-section-height-default elementor-section-height-default\" data-id=\"2e264d5\" data-element_type=\"section\" id=\"documentos-ubuntu\">\n\t\t\t\t\t\t<div class=\"elementor-container elementor-column-gap-default\">\n\t\t\t\t\t<div class=\"elementor-column elementor-col-100 elementor-top-column elementor-element elementor-element-8db4d7b\" data-id=\"8db4d7b\" data-element_type=\"column\">\n\t\t\t<div class=\"elementor-widget-wrap elementor-element-populated\">\n\t\t\t\t\t\t<section class=\"elementor-section elementor-inner-section elementor-element elementor-element-e3c2bc5 elementor-section-boxed elementor-section-height-default elementor-section-height-default\" data-id=\"e3c2bc5\" data-element_type=\"section\">\n\t\t\t\t\t\t<div class=\"elementor-container elementor-column-gap-default\">\n\t\t\t\t\t<div class=\"elementor-column elementor-col-50 elementor-inner-column elementor-element elementor-element-b5dfb14\" data-id=\"b5dfb14\" data-element_type=\"column\">\n\t\t\t<div class=\"elementor-widget-wrap elementor-element-populated\">\n\t\t\t\t\t\t<div class=\"elementor-element elementor-element-ce71d93 elementor-widget elementor-widget-heading\" data-id=\"ce71d93\" data-element_type=\"widget\" data-widget_type=\"heading.default\">\n\t\t\t\t<div class=\"elementor-widget-container\">\n\t\t\t\t\t<h4 class=\"elementor-heading-title elementor-size-default\">Documentos <\/h4>\t\t\t\t<\/div>\n\t\t\t\t<\/div>\n\t\t\t\t\t<\/div>\n\t\t<\/div>\n\t\t\t\t<div class=\"elementor-column elementor-col-50 elementor-inner-column elementor-element elementor-element-8f6ec9e\" data-id=\"8f6ec9e\" data-element_type=\"column\">\n\t\t\t<div class=\"elementor-widget-wrap elementor-element-populated\">\n\t\t\t\t\t\t<div class=\"elementor-element elementor-element-fa95d77 elementor-align-right elementor-widget elementor-widget-button\" data-id=\"fa95d77\" data-element_type=\"widget\" data-widget_type=\"button.default\">\n\t\t\t\t<div class=\"elementor-widget-container\">\n\t\t\t\t\t\t\t\t\t<div class=\"elementor-button-wrapper\">\n\t\t\t\t\t<a class=\"elementor-button elementor-button-link elementor-size-sm\" href=\"#\">\n\t\t\t\t\t\t<span class=\"elementor-button-content-wrapper\">\n\t\t\t\t\t\t<span class=\"elementor-button-icon\">\n\t\t\t\t<svg aria-hidden=\"true\" class=\"e-font-icon-svg e-fas-arrow-right\" viewBox=\"0 0 448 512\" xmlns=\"http:\/\/www.w3.org\/2000\/svg\"><path d=\"M190.5 66.9l22.2-22.2c9.4-9.4 24.6-9.4 33.9 0L441 239c9.4 9.4 9.4 24.6 0 33.9L246.6 467.3c-9.4 9.4-24.6 9.4-33.9 0l-22.2-22.2c-9.5-9.5-9.3-25 .4-34.3L311.4 296H24c-13.3 0-24-10.7-24-24v-32c0-13.3 10.7-24 24-24h287.4L190.9 101.2c-9.8-9.3-10-24.8-.4-34.3z\"><\/path><\/svg>\t\t\t<\/span>\n\t\t\t\t\t\t\t\t\t<span class=\"elementor-button-text\">Ver todo<\/span>\n\t\t\t\t\t<\/span>\n\t\t\t\t\t<\/a>\n\t\t\t\t<\/div>\n\t\t\t\t\t\t\t\t<\/div>\n\t\t\t\t<\/div>\n\t\t\t\t\t<\/div>\n\t\t<\/div>\n\t\t\t\t\t<\/div>\n\t\t<\/section>\n\t\t\t\t<div class=\"elementor-element elementor-element-232a62f elementor-grid-3 elementor-grid-tablet-2 elementor-grid-mobile-1 elementor-posts--thumbnail-top elementor-widget elementor-widget-posts\" data-id=\"232a62f\" data-element_type=\"widget\" data-settings=\"{&quot;classic_columns&quot;:&quot;3&quot;,&quot;classic_columns_tablet&quot;:&quot;2&quot;,&quot;classic_columns_mobile&quot;:&quot;1&quot;,&quot;classic_row_gap&quot;:{&quot;unit&quot;:&quot;px&quot;,&quot;size&quot;:35,&quot;sizes&quot;:[]},&quot;classic_row_gap_tablet&quot;:{&quot;unit&quot;:&quot;px&quot;,&quot;size&quot;:&quot;&quot;,&quot;sizes&quot;:[]},&quot;classic_row_gap_mobile&quot;:{&quot;unit&quot;:&quot;px&quot;,&quot;size&quot;:&quot;&quot;,&quot;sizes&quot;:[]}}\" data-widget_type=\"posts.classic\">\n\t\t\t\t<div class=\"elementor-widget-container\">\n\t\t\t\t\t\t\t<div class=\"elementor-posts-container elementor-posts elementor-posts--skin-classic elementor-grid\">\n\t\t\t\t<article class=\"elementor-post elementor-grid-item post-8665 post type-post status-publish format-standard has-post-thumbnail hentry category-biblioteca-virtual\">\n\t\t\t\t<a class=\"elementor-post__thumbnail__link\" href=\"https:\/\/www.partidocolombiarenaciente.co\/web\/2022\/12\/27\/igualdad-de-acceso-de-personas-con-discapacidad-en-procesos-politicos-ndi\/\" tabindex=\"-1\" >\n\t\t\t<div class=\"elementor-post__thumbnail\"><img loading=\"lazy\" decoding=\"async\" width=\"300\" height=\"300\" src=\"https:\/\/www.partidocolombiarenaciente.co\/web\/wp-content\/uploads\/2022\/12\/Group-518-300x300.png\" class=\"attachment-medium size-medium wp-image-8133 wvs-archive-product-image\" alt=\"\" srcset=\"https:\/\/www.partidocolombiarenaciente.co\/web\/wp-content\/uploads\/2022\/12\/Group-518-300x300.png 300w, https:\/\/www.partidocolombiarenaciente.co\/web\/wp-content\/uploads\/2022\/12\/Group-518-100x100.png 100w, https:\/\/www.partidocolombiarenaciente.co\/web\/wp-content\/uploads\/2022\/12\/Group-518-150x150.png 150w, https:\/\/www.partidocolombiarenaciente.co\/web\/wp-content\/uploads\/2022\/12\/Group-518.png 573w\" sizes=\"(max-width: 300px) 100vw, 300px\" \/><\/div>\n\t\t<\/a>\n\t\t\t\t<div class=\"elementor-post__text\">\n\t\t\t\t<h3 class=\"elementor-post__title\">\n\t\t\t<a href=\"https:\/\/www.partidocolombiarenaciente.co\/web\/2022\/12\/27\/igualdad-de-acceso-de-personas-con-discapacidad-en-procesos-politicos-ndi\/\" >\n\t\t\t\tIgualdad de acceso de personas con discapacidad en procesos pol\u00edticos  &#8211; NDI\t\t\t<\/a>\n\t\t<\/h3>\n\t\t\t\t<div class=\"elementor-post__meta-data\">\n\t\t\t\t\t<span class=\"elementor-post-date\">\n\t\t\tdiciembre 27, 2022\t\t<\/span>\n\t\t\t\t<\/div>\n\t\t\t\t<div class=\"elementor-post__excerpt\">\n\t\t\t<p>Igualdad de Acceso c\u00f3mo incluir a las personas con discapacidad en las elecciones y en los procesos pol\u00edticos.<br \/>\nEste manual ha sido producido pera revisi\u00f3n <\/p>\n\t\t<\/div>\n\t\t\n\t\t<a class=\"elementor-post__read-more\" href=\"https:\/\/www.partidocolombiarenaciente.co\/web\/2022\/12\/27\/igualdad-de-acceso-de-personas-con-discapacidad-en-procesos-politicos-ndi\/\" aria-label=\"Read more about Igualdad de acceso de personas con discapacidad en procesos pol\u00edticos  &#8211; NDI\" tabindex=\"-1\" >\n\t\t\t\t\t<\/a>\n\n\t\t\t\t<\/div>\n\t\t\t\t<\/article>\n\t\t\t\t<article class=\"elementor-post elementor-grid-item post-8657 post type-post status-publish format-standard has-post-thumbnail hentry category-biblioteca-virtual\">\n\t\t\t\t<a class=\"elementor-post__thumbnail__link\" href=\"https:\/\/www.partidocolombiarenaciente.co\/web\/2022\/12\/27\/cartilla-reglas-electorales-para-una-cultura-democratica-2022-cne-2\/\" tabindex=\"-1\" >\n\t\t\t<div class=\"elementor-post__thumbnail\"><img loading=\"lazy\" decoding=\"async\" width=\"230\" height=\"300\" src=\"https:\/\/www.partidocolombiarenaciente.co\/web\/wp-content\/uploads\/2022\/12\/Cartilla-Reglas-Electorales-para-una-cultura-democratica-2022-CNE1-230x300.jpg\" class=\"attachment-medium size-medium wp-image-8663 wvs-archive-product-image\" alt=\"\" srcset=\"https:\/\/www.partidocolombiarenaciente.co\/web\/wp-content\/uploads\/2022\/12\/Cartilla-Reglas-Electorales-para-una-cultura-democratica-2022-CNE1-230x300.jpg 230w, https:\/\/www.partidocolombiarenaciente.co\/web\/wp-content\/uploads\/2022\/12\/Cartilla-Reglas-Electorales-para-una-cultura-democratica-2022-CNE1.jpg 467w\" sizes=\"(max-width: 230px) 100vw, 230px\" \/><\/div>\n\t\t<\/a>\n\t\t\t\t<div class=\"elementor-post__text\">\n\t\t\t\t<h3 class=\"elementor-post__title\">\n\t\t\t<a href=\"https:\/\/www.partidocolombiarenaciente.co\/web\/2022\/12\/27\/cartilla-reglas-electorales-para-una-cultura-democratica-2022-cne-2\/\" >\n\t\t\t\tCartilla Reglas Electorales para una cultura democr\u00e1tica 2022 &#8211; CNE\t\t\t<\/a>\n\t\t<\/h3>\n\t\t\t\t<div class=\"elementor-post__meta-data\">\n\t\t\t\t\t<span class=\"elementor-post-date\">\n\t\t\tdiciembre 27, 2022\t\t<\/span>\n\t\t\t\t<\/div>\n\t\t\t\t<div class=\"elementor-post__excerpt\">\n\t\t\t<p>Reglas electorales para una cultura democr\u00e1tica.<br \/>\nEsta cartilla es el fruto de un esfuerzo pedag\u00f3gico impulsado&#8230;<\/p>\n\t\t<\/div>\n\t\t\n\t\t<a class=\"elementor-post__read-more\" href=\"https:\/\/www.partidocolombiarenaciente.co\/web\/2022\/12\/27\/cartilla-reglas-electorales-para-una-cultura-democratica-2022-cne-2\/\" aria-label=\"Read more about Cartilla Reglas Electorales para una cultura democr\u00e1tica 2022 &#8211; CNE\" tabindex=\"-1\" >\n\t\t\t\t\t<\/a>\n\n\t\t\t\t<\/div>\n\t\t\t\t<\/article>\n\t\t\t\t<article class=\"elementor-post elementor-grid-item post-8648 post type-post status-publish format-standard has-post-thumbnail hentry category-biblioteca-virtual\">\n\t\t\t\t<a class=\"elementor-post__thumbnail__link\" href=\"https:\/\/www.partidocolombiarenaciente.co\/web\/2022\/12\/27\/ganar-con-integridad-partidos-politicos\/\" tabindex=\"-1\" >\n\t\t\t<div class=\"elementor-post__thumbnail\"><img loading=\"lazy\" decoding=\"async\" width=\"232\" height=\"300\" src=\"https:\/\/www.partidocolombiarenaciente.co\/web\/wp-content\/uploads\/2022\/12\/Ganar-con-Integridad-Partidos-Politicos1-232x300.jpg\" class=\"attachment-medium size-medium wp-image-8652 wvs-archive-product-image\" alt=\"\" srcset=\"https:\/\/www.partidocolombiarenaciente.co\/web\/wp-content\/uploads\/2022\/12\/Ganar-con-Integridad-Partidos-Politicos1-232x300.jpg 232w, https:\/\/www.partidocolombiarenaciente.co\/web\/wp-content\/uploads\/2022\/12\/Ganar-con-Integridad-Partidos-Politicos1-600x776.jpg 600w, https:\/\/www.partidocolombiarenaciente.co\/web\/wp-content\/uploads\/2022\/12\/Ganar-con-Integridad-Partidos-Politicos1.jpg 612w\" sizes=\"(max-width: 232px) 100vw, 232px\" \/><\/div>\n\t\t<\/a>\n\t\t\t\t<div class=\"elementor-post__text\">\n\t\t\t\t<h3 class=\"elementor-post__title\">\n\t\t\t<a href=\"https:\/\/www.partidocolombiarenaciente.co\/web\/2022\/12\/27\/ganar-con-integridad-partidos-politicos\/\" >\n\t\t\t\tGanar con Integridad &#8211; Partidos Pol\u00edticos\t\t\t<\/a>\n\t\t<\/h3>\n\t\t\t\t<div class=\"elementor-post__meta-data\">\n\t\t\t\t\t<span class=\"elementor-post-date\">\n\t\t\tdiciembre 27, 2022\t\t<\/span>\n\t\t\t\t<\/div>\n\t\t\t\t<div class=\"elementor-post__excerpt\">\n\t\t\t<p>Ganar con integridad<br \/>\nConstruyendo confianza ciudadana en los partidos pol\u00edticos.<br \/>\nSobre el instituto dem\u00f3crata&#8230;<\/p>\n\t\t<\/div>\n\t\t\n\t\t<a class=\"elementor-post__read-more\" href=\"https:\/\/www.partidocolombiarenaciente.co\/web\/2022\/12\/27\/ganar-con-integridad-partidos-politicos\/\" aria-label=\"Read more about Ganar con Integridad &#8211; Partidos Pol\u00edticos\" tabindex=\"-1\" >\n\t\t\t\t\t<\/a>\n\n\t\t\t\t<\/div>\n\t\t\t\t<\/article>\n\t\t\t\t<article class=\"elementor-post elementor-grid-item post-8638 post type-post status-publish format-standard has-post-thumbnail hentry category-biblioteca-virtual\">\n\t\t\t\t<a class=\"elementor-post__thumbnail__link\" href=\"https:\/\/www.partidocolombiarenaciente.co\/web\/2022\/12\/27\/comunicacion-politica-transmedia-ndi\/\" tabindex=\"-1\" >\n\t\t\t<div class=\"elementor-post__thumbnail\"><img loading=\"lazy\" decoding=\"async\" width=\"225\" height=\"300\" src=\"https:\/\/www.partidocolombiarenaciente.co\/web\/wp-content\/uploads\/2022\/12\/Comunicacion-Politica-Transmedia-NDI1-225x300.jpg\" class=\"attachment-medium size-medium wp-image-8641 wvs-archive-product-image\" alt=\"\" srcset=\"https:\/\/www.partidocolombiarenaciente.co\/web\/wp-content\/uploads\/2022\/12\/Comunicacion-Politica-Transmedia-NDI1-225x300.jpg 225w, https:\/\/www.partidocolombiarenaciente.co\/web\/wp-content\/uploads\/2022\/12\/Comunicacion-Politica-Transmedia-NDI1.jpg 540w\" sizes=\"(max-width: 225px) 100vw, 225px\" \/><\/div>\n\t\t<\/a>\n\t\t\t\t<div class=\"elementor-post__text\">\n\t\t\t\t<h3 class=\"elementor-post__title\">\n\t\t\t<a href=\"https:\/\/www.partidocolombiarenaciente.co\/web\/2022\/12\/27\/comunicacion-politica-transmedia-ndi\/\" >\n\t\t\t\tComunicaci\u00f3n Pol\u00edtica Transmedia &#8211; NDI\t\t\t<\/a>\n\t\t<\/h3>\n\t\t\t\t<div class=\"elementor-post__meta-data\">\n\t\t\t\t\t<span class=\"elementor-post-date\">\n\t\t\tdiciembre 27, 2022\t\t<\/span>\n\t\t\t\t<\/div>\n\t\t\t\t<div class=\"elementor-post__excerpt\">\n\t\t\t<p>Capacitaci\u00f3n a Partidos Pol\u00edticos &#8211; Elecciones Congreso de la Republica y Presidencia de la Republica 2021-2022.<br \/>\nComunicaci\u00f3n pol\u00edtica&#8230;<\/p>\n\t\t<\/div>\n\t\t\n\t\t<a class=\"elementor-post__read-more\" href=\"https:\/\/www.partidocolombiarenaciente.co\/web\/2022\/12\/27\/comunicacion-politica-transmedia-ndi\/\" aria-label=\"Read more about Comunicaci\u00f3n Pol\u00edtica Transmedia &#8211; NDI\" tabindex=\"-1\" >\n\t\t\t\t\t<\/a>\n\n\t\t\t\t<\/div>\n\t\t\t\t<\/article>\n\t\t\t\t<article class=\"elementor-post elementor-grid-item post-8629 post type-post status-publish format-standard has-post-thumbnail hentry category-biblioteca-virtual\">\n\t\t\t\t<a class=\"elementor-post__thumbnail__link\" href=\"https:\/\/www.partidocolombiarenaciente.co\/web\/2022\/12\/27\/manual-control-politico-corporaciones-publicas\/\" tabindex=\"-1\" >\n\t\t\t<div class=\"elementor-post__thumbnail\"><img loading=\"lazy\" decoding=\"async\" width=\"232\" height=\"300\" src=\"https:\/\/www.partidocolombiarenaciente.co\/web\/wp-content\/uploads\/2022\/12\/Manual-Control-Politico-Corporaciones-Publicas.1-232x300.jpg\" class=\"attachment-medium size-medium wp-image-8633 wvs-archive-product-image\" alt=\"\" srcset=\"https:\/\/www.partidocolombiarenaciente.co\/web\/wp-content\/uploads\/2022\/12\/Manual-Control-Politico-Corporaciones-Publicas.1-232x300.jpg 232w, https:\/\/www.partidocolombiarenaciente.co\/web\/wp-content\/uploads\/2022\/12\/Manual-Control-Politico-Corporaciones-Publicas.1-600x776.jpg 600w, https:\/\/www.partidocolombiarenaciente.co\/web\/wp-content\/uploads\/2022\/12\/Manual-Control-Politico-Corporaciones-Publicas.1.jpg 612w\" sizes=\"(max-width: 232px) 100vw, 232px\" \/><\/div>\n\t\t<\/a>\n\t\t\t\t<div class=\"elementor-post__text\">\n\t\t\t\t<h3 class=\"elementor-post__title\">\n\t\t\t<a href=\"https:\/\/www.partidocolombiarenaciente.co\/web\/2022\/12\/27\/manual-control-politico-corporaciones-publicas\/\" >\n\t\t\t\tManual Control Pol\u00edtico Corporaciones P\u00fablicas.\t\t\t<\/a>\n\t\t<\/h3>\n\t\t\t\t<div class=\"elementor-post__meta-data\">\n\t\t\t\t\t<span class=\"elementor-post-date\">\n\t\t\tdiciembre 27, 2022\t\t<\/span>\n\t\t\t\t<\/div>\n\t\t\t\t<div class=\"elementor-post__excerpt\">\n\t\t\t<p>CUMPLIMINETO LAS EXPECTATIVAS CIUDADANAS<br \/>\nRecomendaciones para el ejercicio del control pol\u00edtico: Una gu\u00eda para integrantes de corpora&#8230; <\/p>\n\t\t<\/div>\n\t\t\n\t\t<a class=\"elementor-post__read-more\" href=\"https:\/\/www.partidocolombiarenaciente.co\/web\/2022\/12\/27\/manual-control-politico-corporaciones-publicas\/\" aria-label=\"Read more about Manual Control Pol\u00edtico Corporaciones P\u00fablicas.\" tabindex=\"-1\" >\n\t\t\t\t\t<\/a>\n\n\t\t\t\t<\/div>\n\t\t\t\t<\/article>\n\t\t\t\t<article class=\"elementor-post elementor-grid-item post-8620 post type-post status-publish format-standard has-post-thumbnail hentry category-biblioteca-virtual\">\n\t\t\t\t<a class=\"elementor-post__thumbnail__link\" href=\"https:\/\/www.partidocolombiarenaciente.co\/web\/2022\/12\/27\/ndi-guia-de-lenguaje-claro-para-textos-e-informacion-legislativa-2020\/\" tabindex=\"-1\" >\n\t\t\t<div class=\"elementor-post__thumbnail\"><img loading=\"lazy\" decoding=\"async\" width=\"232\" height=\"300\" src=\"https:\/\/www.partidocolombiarenaciente.co\/web\/wp-content\/uploads\/2022\/12\/NDI-Guia-de-lenguaje-claro-para-textos-e-informacion-legislativa-20201-232x300.jpg\" class=\"attachment-medium size-medium wp-image-8624 wvs-archive-product-image\" alt=\"\" srcset=\"https:\/\/www.partidocolombiarenaciente.co\/web\/wp-content\/uploads\/2022\/12\/NDI-Guia-de-lenguaje-claro-para-textos-e-informacion-legislativa-20201-232x300.jpg 232w, https:\/\/www.partidocolombiarenaciente.co\/web\/wp-content\/uploads\/2022\/12\/NDI-Guia-de-lenguaje-claro-para-textos-e-informacion-legislativa-20201-600x776.jpg 600w, https:\/\/www.partidocolombiarenaciente.co\/web\/wp-content\/uploads\/2022\/12\/NDI-Guia-de-lenguaje-claro-para-textos-e-informacion-legislativa-20201.jpg 612w\" sizes=\"(max-width: 232px) 100vw, 232px\" \/><\/div>\n\t\t<\/a>\n\t\t\t\t<div class=\"elementor-post__text\">\n\t\t\t\t<h3 class=\"elementor-post__title\">\n\t\t\t<a href=\"https:\/\/www.partidocolombiarenaciente.co\/web\/2022\/12\/27\/ndi-guia-de-lenguaje-claro-para-textos-e-informacion-legislativa-2020\/\" >\n\t\t\t\tNDI Gu\u00eda de lenguaje claro para textos e informaci\u00f3n legislativa 2020\t\t\t<\/a>\n\t\t<\/h3>\n\t\t\t\t<div class=\"elementor-post__meta-data\">\n\t\t\t\t\t<span class=\"elementor-post-date\">\n\t\t\tdiciembre 27, 2022\t\t<\/span>\n\t\t\t\t<\/div>\n\t\t\t\t<div class=\"elementor-post__excerpt\">\n\t\t\t<p>Gu\u00eda de lenguaje claro para textos e informaci\u00f3n legislativa.<br \/>\nEl instituto Nacional Dem\u00f3cracia es una organizaci\u00f3n&#8230;<\/p>\n\t\t<\/div>\n\t\t\n\t\t<a class=\"elementor-post__read-more\" href=\"https:\/\/www.partidocolombiarenaciente.co\/web\/2022\/12\/27\/ndi-guia-de-lenguaje-claro-para-textos-e-informacion-legislativa-2020\/\" aria-label=\"Read more about NDI Gu\u00eda de lenguaje claro para textos e informaci\u00f3n legislativa 2020\" tabindex=\"-1\" >\n\t\t\t\t\t<\/a>\n\n\t\t\t\t<\/div>\n\t\t\t\t<\/article>\n\t\t\t\t<article class=\"elementor-post elementor-grid-item post-8610 post type-post status-publish format-standard has-post-thumbnail hentry category-biblioteca-virtual\">\n\t\t\t\t<a class=\"elementor-post__thumbnail__link\" href=\"https:\/\/www.partidocolombiarenaciente.co\/web\/2022\/12\/27\/guia-para-la-elaboracion-de-un-protocolo-antiracismo-en-partidos-politicos-final-1\/\" tabindex=\"-1\" >\n\t\t\t<div class=\"elementor-post__thumbnail\"><img loading=\"lazy\" decoding=\"async\" width=\"232\" height=\"300\" src=\"https:\/\/www.partidocolombiarenaciente.co\/web\/wp-content\/uploads\/2022\/12\/Guia-para-la-elaboracion-de-un-protocolo-Antiracismo-en-Partidos-Politicos-Final-11-232x300.jpg\" class=\"attachment-medium size-medium wp-image-8612 wvs-archive-product-image\" alt=\"\" srcset=\"https:\/\/www.partidocolombiarenaciente.co\/web\/wp-content\/uploads\/2022\/12\/Guia-para-la-elaboracion-de-un-protocolo-Antiracismo-en-Partidos-Politicos-Final-11-232x300.jpg 232w, https:\/\/www.partidocolombiarenaciente.co\/web\/wp-content\/uploads\/2022\/12\/Guia-para-la-elaboracion-de-un-protocolo-Antiracismo-en-Partidos-Politicos-Final-11-600x776.jpg 600w, https:\/\/www.partidocolombiarenaciente.co\/web\/wp-content\/uploads\/2022\/12\/Guia-para-la-elaboracion-de-un-protocolo-Antiracismo-en-Partidos-Politicos-Final-11.jpg 612w\" sizes=\"(max-width: 232px) 100vw, 232px\" \/><\/div>\n\t\t<\/a>\n\t\t\t\t<div class=\"elementor-post__text\">\n\t\t\t\t<h3 class=\"elementor-post__title\">\n\t\t\t<a href=\"https:\/\/www.partidocolombiarenaciente.co\/web\/2022\/12\/27\/guia-para-la-elaboracion-de-un-protocolo-antiracismo-en-partidos-politicos-final-1\/\" >\n\t\t\t\tGu\u00eda para la elaboraci\u00f3n de un protocolo Antiracismo en Partidos Pol\u00edticos &#8211; Final (1)\t\t\t<\/a>\n\t\t<\/h3>\n\t\t\t\t<div class=\"elementor-post__meta-data\">\n\t\t\t\t\t<span class=\"elementor-post-date\">\n\t\t\tdiciembre 27, 2022\t\t<\/span>\n\t\t\t\t<\/div>\n\t\t\t\t<div class=\"elementor-post__excerpt\">\n\t\t\t<p>PREVENIR, ATENDER Y SANCIONAR HECHOS DE RACISMO Y DISCIMINACI\u00d3N EN PARTIDOS POL\u00cdTICOS&#8230;<\/p>\n\t\t<\/div>\n\t\t\n\t\t<a class=\"elementor-post__read-more\" href=\"https:\/\/www.partidocolombiarenaciente.co\/web\/2022\/12\/27\/guia-para-la-elaboracion-de-un-protocolo-antiracismo-en-partidos-politicos-final-1\/\" aria-label=\"Read more about Gu\u00eda para la elaboraci\u00f3n de un protocolo Antiracismo en Partidos Pol\u00edticos &#8211; Final (1)\" tabindex=\"-1\" >\n\t\t\t\t\t<\/a>\n\n\t\t\t\t<\/div>\n\t\t\t\t<\/article>\n\t\t\t\t<article class=\"elementor-post elementor-grid-item post-8602 post type-post status-publish format-standard has-post-thumbnail hentry category-biblioteca-virtual\">\n\t\t\t\t<a class=\"elementor-post__thumbnail__link\" href=\"https:\/\/www.partidocolombiarenaciente.co\/web\/2022\/12\/27\/guia-meta-ndi-y-facebook-violencia-contra-las-mujeres\/\" tabindex=\"-1\" >\n\t\t\t<div class=\"elementor-post__thumbnail\"><img loading=\"lazy\" decoding=\"async\" width=\"194\" height=\"300\" src=\"https:\/\/www.partidocolombiarenaciente.co\/web\/wp-content\/uploads\/2022\/12\/Guia-Meta-NDI-y-Facebbok-Violencia-contra-las-mujeres.1-194x300.jpg\" class=\"attachment-medium size-medium wp-image-8606 wvs-archive-product-image\" alt=\"\" srcset=\"https:\/\/www.partidocolombiarenaciente.co\/web\/wp-content\/uploads\/2022\/12\/Guia-Meta-NDI-y-Facebbok-Violencia-contra-las-mujeres.1-194x300.jpg 194w, https:\/\/www.partidocolombiarenaciente.co\/web\/wp-content\/uploads\/2022\/12\/Guia-Meta-NDI-y-Facebbok-Violencia-contra-las-mujeres.1-600x928.jpg 600w, https:\/\/www.partidocolombiarenaciente.co\/web\/wp-content\/uploads\/2022\/12\/Guia-Meta-NDI-y-Facebbok-Violencia-contra-las-mujeres.1-662x1024.jpg 662w, https:\/\/www.partidocolombiarenaciente.co\/web\/wp-content\/uploads\/2022\/12\/Guia-Meta-NDI-y-Facebbok-Violencia-contra-las-mujeres.1-768x1188.jpg 768w, https:\/\/www.partidocolombiarenaciente.co\/web\/wp-content\/uploads\/2022\/12\/Guia-Meta-NDI-y-Facebbok-Violencia-contra-las-mujeres.1-993x1536.jpg 993w, https:\/\/www.partidocolombiarenaciente.co\/web\/wp-content\/uploads\/2022\/12\/Guia-Meta-NDI-y-Facebbok-Violencia-contra-las-mujeres.1.jpg 1080w\" sizes=\"(max-width: 194px) 100vw, 194px\" \/><\/div>\n\t\t<\/a>\n\t\t\t\t<div class=\"elementor-post__text\">\n\t\t\t\t<h3 class=\"elementor-post__title\">\n\t\t\t<a href=\"https:\/\/www.partidocolombiarenaciente.co\/web\/2022\/12\/27\/guia-meta-ndi-y-facebook-violencia-contra-las-mujeres\/\" >\n\t\t\t\tGuia Meta-NDI y Facebook &#8211; Violencia contra las mujeres.\t\t\t<\/a>\n\t\t<\/h3>\n\t\t\t\t<div class=\"elementor-post__meta-data\">\n\t\t\t\t\t<span class=\"elementor-post-date\">\n\t\t\tdiciembre 27, 2022\t\t<\/span>\n\t\t\t\t<\/div>\n\t\t\t\t<div class=\"elementor-post__excerpt\">\n\t\t\t<p>Enfrentando la violencia pol\u00edtica contra las mujeres<br \/>\nEn META, creemos que las mujeres tienen derecho a estar libres&#8230;<\/p>\n\t\t<\/div>\n\t\t\n\t\t<a class=\"elementor-post__read-more\" href=\"https:\/\/www.partidocolombiarenaciente.co\/web\/2022\/12\/27\/guia-meta-ndi-y-facebook-violencia-contra-las-mujeres\/\" aria-label=\"Read more about Guia Meta-NDI y Facebook &#8211; Violencia contra las mujeres.\" tabindex=\"-1\" >\n\t\t\t\t\t<\/a>\n\n\t\t\t\t<\/div>\n\t\t\t\t<\/article>\n\t\t\t\t<article class=\"elementor-post elementor-grid-item post-8589 post type-post status-publish format-standard has-post-thumbnail hentry category-biblioteca-virtual\">\n\t\t\t\t<a class=\"elementor-post__thumbnail__link\" href=\"https:\/\/www.partidocolombiarenaciente.co\/web\/2022\/12\/27\/estatuto-de-la-oposicion-en-colombia-ndi-2018\/\" tabindex=\"-1\" >\n\t\t\t<div class=\"elementor-post__thumbnail\"><img loading=\"lazy\" decoding=\"async\" width=\"232\" height=\"300\" src=\"https:\/\/www.partidocolombiarenaciente.co\/web\/wp-content\/uploads\/2022\/12\/Estatuto-de-la-Oposicion-en-Colombia-NDI-20181-232x300.jpg\" class=\"attachment-medium size-medium wp-image-8592 wvs-archive-product-image\" alt=\"\" srcset=\"https:\/\/www.partidocolombiarenaciente.co\/web\/wp-content\/uploads\/2022\/12\/Estatuto-de-la-Oposicion-en-Colombia-NDI-20181-232x300.jpg 232w, https:\/\/www.partidocolombiarenaciente.co\/web\/wp-content\/uploads\/2022\/12\/Estatuto-de-la-Oposicion-en-Colombia-NDI-20181-600x776.jpg 600w, https:\/\/www.partidocolombiarenaciente.co\/web\/wp-content\/uploads\/2022\/12\/Estatuto-de-la-Oposicion-en-Colombia-NDI-20181.jpg 612w\" sizes=\"(max-width: 232px) 100vw, 232px\" \/><\/div>\n\t\t<\/a>\n\t\t\t\t<div class=\"elementor-post__text\">\n\t\t\t\t<h3 class=\"elementor-post__title\">\n\t\t\t<a href=\"https:\/\/www.partidocolombiarenaciente.co\/web\/2022\/12\/27\/estatuto-de-la-oposicion-en-colombia-ndi-2018\/\" >\n\t\t\t\tEstatuto de la Oposici\u00f3n en Colombia &#8211; NDI 2018\t\t\t<\/a>\n\t\t<\/h3>\n\t\t\t\t<div class=\"elementor-post__meta-data\">\n\t\t\t\t\t<span class=\"elementor-post-date\">\n\t\t\tdiciembre 27, 2022\t\t<\/span>\n\t\t\t\t<\/div>\n\t\t\t\t<div class=\"elementor-post__excerpt\">\n\t\t\t<p>RUTA DE IMPLEMENTACI\u00d3N DEL ESTATUTO DE LA OPOSICI\u00d3N EN COLOMBIA<br \/>\nUn documento de consulta para: Partidos pol\u00edticos, autoridades electorales &#8230;<\/p>\n\t\t<\/div>\n\t\t\n\t\t<a class=\"elementor-post__read-more\" href=\"https:\/\/www.partidocolombiarenaciente.co\/web\/2022\/12\/27\/estatuto-de-la-oposicion-en-colombia-ndi-2018\/\" aria-label=\"Read more about Estatuto de la Oposici\u00f3n en Colombia &#8211; NDI 2018\" tabindex=\"-1\" >\n\t\t\t\t\t<\/a>\n\n\t\t\t\t<\/div>\n\t\t\t\t<\/article>\n\t\t\t\t<article class=\"elementor-post elementor-grid-item post-8581 post type-post status-publish format-standard has-post-thumbnail hentry category-biblioteca-virtual\">\n\t\t\t\t<a class=\"elementor-post__thumbnail__link\" href=\"https:\/\/www.partidocolombiarenaciente.co\/web\/2022\/12\/27\/comisiones-legales-para-la-equidad-de-la-mujer-en-corporaciones-publicas\/\" tabindex=\"-1\" >\n\t\t\t<div class=\"elementor-post__thumbnail\"><img loading=\"lazy\" decoding=\"async\" width=\"150\" height=\"150\" src=\"https:\/\/www.partidocolombiarenaciente.co\/web\/wp-content\/uploads\/2022\/12\/Comisiones-Legales-para-la-Equidad-de-la-Mujer-en-Corporaciones-Publicas1-150x150-1.jpg\" class=\"attachment-medium size-medium wp-image-8588 wvs-archive-product-image\" alt=\"\" srcset=\"https:\/\/www.partidocolombiarenaciente.co\/web\/wp-content\/uploads\/2022\/12\/Comisiones-Legales-para-la-Equidad-de-la-Mujer-en-Corporaciones-Publicas1-150x150-1.jpg 150w, https:\/\/www.partidocolombiarenaciente.co\/web\/wp-content\/uploads\/2022\/12\/Comisiones-Legales-para-la-Equidad-de-la-Mujer-en-Corporaciones-Publicas1-150x150-1-100x100.jpg 100w\" sizes=\"(max-width: 150px) 100vw, 150px\" \/><\/div>\n\t\t<\/a>\n\t\t\t\t<div class=\"elementor-post__text\">\n\t\t\t\t<h3 class=\"elementor-post__title\">\n\t\t\t<a href=\"https:\/\/www.partidocolombiarenaciente.co\/web\/2022\/12\/27\/comisiones-legales-para-la-equidad-de-la-mujer-en-corporaciones-publicas\/\" >\n\t\t\t\tComisiones Legales para la Equidad de la Mujer en Corporaciones P\u00fablicas\t\t\t<\/a>\n\t\t<\/h3>\n\t\t\t\t<div class=\"elementor-post__meta-data\">\n\t\t\t\t\t<span class=\"elementor-post-date\">\n\t\t\tdiciembre 27, 2022\t\t<\/span>\n\t\t\t\t<\/div>\n\t\t\t\t<div class=\"elementor-post__excerpt\">\n\t\t\t<p>COMISIONES LEGALES PARA LA EQUIDAD DE LA MUJER EN CORPORACIONES P\u00daBLICAS.<br \/>\nRetos y oportunidades para promover agendas de derecho de las mujeres en territorio.<\/p>\n\t\t<\/div>\n\t\t\n\t\t<a class=\"elementor-post__read-more\" href=\"https:\/\/www.partidocolombiarenaciente.co\/web\/2022\/12\/27\/comisiones-legales-para-la-equidad-de-la-mujer-en-corporaciones-publicas\/\" aria-label=\"Read more about Comisiones Legales para la Equidad de la Mujer en Corporaciones P\u00fablicas\" tabindex=\"-1\" >\n\t\t\t\t\t<\/a>\n\n\t\t\t\t<\/div>\n\t\t\t\t<\/article>\n\t\t\t\t<article class=\"elementor-post elementor-grid-item post-8572 post type-post status-publish format-standard has-post-thumbnail hentry category-biblioteca-virtual\">\n\t\t\t\t<a class=\"elementor-post__thumbnail__link\" href=\"https:\/\/www.partidocolombiarenaciente.co\/web\/2022\/12\/27\/barreras-a-elegir-y-ser-elegido-wayuu\/\" tabindex=\"-1\" >\n\t\t\t<div class=\"elementor-post__thumbnail\"><img loading=\"lazy\" decoding=\"async\" width=\"232\" height=\"300\" src=\"https:\/\/www.partidocolombiarenaciente.co\/web\/wp-content\/uploads\/2022\/12\/Barreras-a-elegir-y-ser-elegido-Wayuu1-232x300.jpg\" class=\"attachment-medium size-medium wp-image-8576 wvs-archive-product-image\" alt=\"\" srcset=\"https:\/\/www.partidocolombiarenaciente.co\/web\/wp-content\/uploads\/2022\/12\/Barreras-a-elegir-y-ser-elegido-Wayuu1-232x300.jpg 232w, https:\/\/www.partidocolombiarenaciente.co\/web\/wp-content\/uploads\/2022\/12\/Barreras-a-elegir-y-ser-elegido-Wayuu1-600x776.jpg 600w, https:\/\/www.partidocolombiarenaciente.co\/web\/wp-content\/uploads\/2022\/12\/Barreras-a-elegir-y-ser-elegido-Wayuu1.jpg 612w\" sizes=\"(max-width: 232px) 100vw, 232px\" \/><\/div>\n\t\t<\/a>\n\t\t\t\t<div class=\"elementor-post__text\">\n\t\t\t\t<h3 class=\"elementor-post__title\">\n\t\t\t<a href=\"https:\/\/www.partidocolombiarenaciente.co\/web\/2022\/12\/27\/barreras-a-elegir-y-ser-elegido-wayuu\/\" >\n\t\t\t\tBarreras a elegir y ser elegido-Way\u00fau\t\t\t<\/a>\n\t\t<\/h3>\n\t\t\t\t<div class=\"elementor-post__meta-data\">\n\t\t\t\t\t<span class=\"elementor-post-date\">\n\t\t\tdiciembre 27, 2022\t\t<\/span>\n\t\t\t\t<\/div>\n\t\t\t\t<div class=\"elementor-post__excerpt\">\n\t\t\t<p>Barreras de acceso al derecho de elegir y ser elegido por medio del derecho al voto en comunidades del pueblo Way\u00fau aleda\u00f1as&#8230;<\/p>\n\t\t<\/div>\n\t\t\n\t\t<a class=\"elementor-post__read-more\" href=\"https:\/\/www.partidocolombiarenaciente.co\/web\/2022\/12\/27\/barreras-a-elegir-y-ser-elegido-wayuu\/\" aria-label=\"Read more about Barreras a elegir y ser elegido-Way\u00fau\" tabindex=\"-1\" >\n\t\t\t\t\t<\/a>\n\n\t\t\t\t<\/div>\n\t\t\t\t<\/article>\n\t\t\t\t<article class=\"elementor-post elementor-grid-item post-8139 post type-post status-publish format-standard has-post-thumbnail hentry category-biblioteca-virtual\">\n\t\t\t\t<a class=\"elementor-post__thumbnail__link\" href=\"https:\/\/www.partidocolombiarenaciente.co\/web\/2022\/12\/22\/barreras-a-elegir-y-ser-elegido-afrodescendientes\/\" tabindex=\"-1\" >\n\t\t\t<div class=\"elementor-post__thumbnail\"><img loading=\"lazy\" decoding=\"async\" width=\"300\" height=\"300\" src=\"https:\/\/www.partidocolombiarenaciente.co\/web\/wp-content\/uploads\/2022\/12\/Group-518-300x300.png\" class=\"attachment-medium size-medium wp-image-8133 wvs-archive-product-image\" alt=\"\" srcset=\"https:\/\/www.partidocolombiarenaciente.co\/web\/wp-content\/uploads\/2022\/12\/Group-518-300x300.png 300w, https:\/\/www.partidocolombiarenaciente.co\/web\/wp-content\/uploads\/2022\/12\/Group-518-100x100.png 100w, https:\/\/www.partidocolombiarenaciente.co\/web\/wp-content\/uploads\/2022\/12\/Group-518-150x150.png 150w, https:\/\/www.partidocolombiarenaciente.co\/web\/wp-content\/uploads\/2022\/12\/Group-518.png 573w\" sizes=\"(max-width: 300px) 100vw, 300px\" \/><\/div>\n\t\t<\/a>\n\t\t\t\t<div class=\"elementor-post__text\">\n\t\t\t\t<h3 class=\"elementor-post__title\">\n\t\t\t<a href=\"https:\/\/www.partidocolombiarenaciente.co\/web\/2022\/12\/22\/barreras-a-elegir-y-ser-elegido-afrodescendientes\/\" >\n\t\t\t\tBarreras a elegir y ser elegido &#8211; afrodescendientes\t\t\t<\/a>\n\t\t<\/h3>\n\t\t\t\t<div class=\"elementor-post__meta-data\">\n\t\t\t\t\t<span class=\"elementor-post-date\">\n\t\t\tdiciembre 22, 2022\t\t<\/span>\n\t\t\t\t<\/div>\n\t\t\t\t<div class=\"elementor-post__excerpt\">\n\t\t\t<p>Identificaci\u00f3n de las barreras al derecho fundamental de participaci\u00f3n pol\u00edtica, a trav\u00e9s del voto, en comunidades<\/p>\n\t\t<\/div>\n\t\t\n\t\t<a class=\"elementor-post__read-more\" href=\"https:\/\/www.partidocolombiarenaciente.co\/web\/2022\/12\/22\/barreras-a-elegir-y-ser-elegido-afrodescendientes\/\" aria-label=\"Read more about Barreras a elegir y ser elegido &#8211; afrodescendientes\" tabindex=\"-1\" >\n\t\t\t\t\t<\/a>\n\n\t\t\t\t<\/div>\n\t\t\t\t<\/article>\n\t\t\t\t<article class=\"elementor-post elementor-grid-item post-8135 post type-post status-publish format-standard has-post-thumbnail hentry category-biblioteca-virtual\">\n\t\t\t\t<a class=\"elementor-post__thumbnail__link\" href=\"https:\/\/www.partidocolombiarenaciente.co\/web\/2022\/12\/22\/10-anos-de-la-ley-1475-de-2011\/\" tabindex=\"-1\" >\n\t\t\t<div class=\"elementor-post__thumbnail\"><img loading=\"lazy\" decoding=\"async\" width=\"300\" height=\"300\" src=\"https:\/\/www.partidocolombiarenaciente.co\/web\/wp-content\/uploads\/2022\/12\/Group-518-300x300.png\" class=\"attachment-medium size-medium wp-image-8133 wvs-archive-product-image\" alt=\"\" srcset=\"https:\/\/www.partidocolombiarenaciente.co\/web\/wp-content\/uploads\/2022\/12\/Group-518-300x300.png 300w, https:\/\/www.partidocolombiarenaciente.co\/web\/wp-content\/uploads\/2022\/12\/Group-518-100x100.png 100w, https:\/\/www.partidocolombiarenaciente.co\/web\/wp-content\/uploads\/2022\/12\/Group-518-150x150.png 150w, https:\/\/www.partidocolombiarenaciente.co\/web\/wp-content\/uploads\/2022\/12\/Group-518.png 573w\" sizes=\"(max-width: 300px) 100vw, 300px\" \/><\/div>\n\t\t<\/a>\n\t\t\t\t<div class=\"elementor-post__text\">\n\t\t\t\t<h3 class=\"elementor-post__title\">\n\t\t\t<a href=\"https:\/\/www.partidocolombiarenaciente.co\/web\/2022\/12\/22\/10-anos-de-la-ley-1475-de-2011\/\" >\n\t\t\t\t10 a\u00f1os de la ley 1475 de 2011\t\t\t<\/a>\n\t\t<\/h3>\n\t\t\t\t<div class=\"elementor-post__meta-data\">\n\t\t\t\t\t<span class=\"elementor-post-date\">\n\t\t\tdiciembre 22, 2022\t\t<\/span>\n\t\t\t\t<\/div>\n\t\t\t\t<div class=\"elementor-post__excerpt\">\n\t\t\t<p>Fortalecimiento de las organizaciones pol\u00edticas  tras un d\u00e9cada de la ley 1475 de 2011<br \/>\n\u00bf Objetivo logrado o tarea pendiente?<\/p>\n\t\t<\/div>\n\t\t\n\t\t<a class=\"elementor-post__read-more\" href=\"https:\/\/www.partidocolombiarenaciente.co\/web\/2022\/12\/22\/10-anos-de-la-ley-1475-de-2011\/\" aria-label=\"Read more about 10 a\u00f1os de la ley 1475 de 2011\" tabindex=\"-1\" >\n\t\t\t\t\t<\/a>\n\n\t\t\t\t<\/div>\n\t\t\t\t<\/article>\n\t\t\t\t<\/div>\n\t\t\n\t\t\t\t\t\t<\/div>\n\t\t\t\t<\/div>\n\t\t\t\t\t<\/div>\n\t\t<\/div>\n\t\t\t\t\t<\/div>\n\t\t<\/section>\n\t\t\t\t<section class=\"elementor-section elementor-top-section elementor-element elementor-element-8156ece elementor-section-full_width elementor-section-height-default elementor-section-height-default\" data-id=\"8156ece\" data-element_type=\"section\">\n\t\t\t\t\t\t<div class=\"elementor-container elementor-column-gap-default\">\n\t\t\t\t\t<div class=\"elementor-column elementor-col-100 elementor-top-column elementor-element elementor-element-9d59977\" data-id=\"9d59977\" data-element_type=\"column\">\n\t\t\t<div class=\"elementor-widget-wrap elementor-element-populated\">\n\t\t\t\t\t\t<div class=\"elementor-element elementor-element-2c3a666 elementor-widget elementor-widget-text-editor\" data-id=\"2c3a666\" data-element_type=\"widget\" data-widget_type=\"text-editor.default\">\n\t\t\t\t<div class=\"elementor-widget-container\">\n\t\t\t\t\t\t\t\t\t\t\t<div data-elementor-type=\"section\" data-elementor-id=\"6184\" class=\"elementor elementor-6184\" data-elementor-post-type=\"elementor_library\">\n\t\t\t\t\t<section class=\"elementor-section elementor-top-section elementor-element elementor-element-ea21c74 elementor-section-boxed elementor-section-height-default elementor-section-height-default\" data-id=\"ea21c74\" data-element_type=\"section\" data-settings=\"{&quot;background_background&quot;:&quot;classic&quot;}\">\n\t\t\t\t\t\t\t<div class=\"elementor-background-overlay\"><\/div>\n\t\t\t\t\t\t\t<div class=\"elementor-container elementor-column-gap-default\">\n\t\t\t\t\t<div class=\"elementor-column elementor-col-100 elementor-top-column elementor-element elementor-element-9612531\" data-id=\"9612531\" data-element_type=\"column\">\n\t\t\t<div class=\"elementor-widget-wrap elementor-element-populated\">\n\t\t\t\t\t\t<div class=\"elementor-element elementor-element-7cb4c00 elementor-widget elementor-widget-heading\" data-id=\"7cb4c00\" data-element_type=\"widget\" data-widget_type=\"heading.default\">\n\t\t\t\t<div class=\"elementor-widget-container\">\n\t\t\t\t\t<h3 class=\"elementor-heading-title elementor-size-default\">Nuestro trabajo apenas empieza. <span style=\"color: #DC5A00\">\u00danete hoy y ay\u00fadanos a elegir colombianos renacientes en toda la naci\u00f3n.<\/span>\n<\/h3>\t\t\t\t<\/div>\n\t\t\t\t<\/div>\n\t\t\t\t<div class=\"elementor-element elementor-element-a0934e0 elementor-align-center elementor-widget elementor-widget-button\" data-id=\"a0934e0\" data-element_type=\"widget\" data-widget_type=\"button.default\">\n\t\t\t\t<div class=\"elementor-widget-container\">\n\t\t\t\t\t\t\t\t\t<div class=\"elementor-button-wrapper\">\n\t\t\t\t\t<a class=\"elementor-button elementor-button-link elementor-size-sm\" href=\"https:\/\/www.partidocolombiarenaciente.co\/web\/wp-content\/uploads\/2023\/06\/PROCESO-PARA-DONAR-EN-COLOMBIA-RENACIENTE-2.pdf\">\n\t\t\t\t\t\t<span class=\"elementor-button-content-wrapper\">\n\t\t\t\t\t\t\t\t\t<span class=\"elementor-button-text\">DONAR<\/span>\n\t\t\t\t\t<\/span>\n\t\t\t\t\t<\/a>\n\t\t\t\t<\/div>\n\t\t\t\t\t\t\t\t<\/div>\n\t\t\t\t<\/div>\n\t\t\t\t\t<\/div>\n\t\t<\/div>\n\t\t\t\t\t<\/div>\n\t\t<\/section>\n\t\t\t\t<\/div>\n\t\t\t\t\t\t\t\t\t\t<\/div>\n\t\t\t\t<\/div>\n\t\t\t\t\t<\/div>\n\t\t<\/div>\n\t\t\t\t\t<\/div>\n\t\t<\/section>\n\t\t\t\t<section class=\"elementor-section elementor-top-section elementor-element elementor-element-9245c88 elementor-section-boxed elementor-section-height-default elementor-section-height-default\" data-id=\"9245c88\" data-element_type=\"section\">\n\t\t\t\t\t\t<div class=\"elementor-container elementor-column-gap-default\">\n\t\t\t\t\t<div class=\"elementor-column elementor-col-100 elementor-top-column elementor-element elementor-element-8a1e981\" data-id=\"8a1e981\" data-element_type=\"column\">\n\t\t\t<div class=\"elementor-widget-wrap elementor-element-populated\">\n\t\t\t\t\t\t<div class=\"elementor-element elementor-element-29050cd elementor-shape-circle elementor-grid-1 e-grid-align-right elementor-fixed elementor-widget__width-auto elementor-widget elementor-widget-social-icons\" data-id=\"29050cd\" data-element_type=\"widget\" data-settings=\"{&quot;_position&quot;:&quot;fixed&quot;}\" data-widget_type=\"social-icons.default\">\n\t\t\t\t<div class=\"elementor-widget-container\">\n\t\t\t\t\t\t\t<div class=\"elementor-social-icons-wrapper elementor-grid\">\n\t\t\t\t\t\t\t<span class=\"elementor-grid-item\">\n\t\t\t\t\t<a class=\"elementor-icon elementor-social-icon elementor-social-icon-whatsapp elementor-repeater-item-627f624\" href=\"https:\/\/wa.link\/rwurl2\" target=\"_blank\">\n\t\t\t\t\t\t<span class=\"elementor-screen-only\">Whatsapp<\/span>\n\t\t\t\t\t\t<svg class=\"e-font-icon-svg e-fab-whatsapp\" viewBox=\"0 0 448 512\" xmlns=\"http:\/\/www.w3.org\/2000\/svg\"><path d=\"M380.9 97.1C339 55.1 283.2 32 223.9 32c-122.4 0-222 99.6-222 222 0 39.1 10.2 77.3 29.6 111L0 480l117.7-30.9c32.4 17.7 68.9 27 106.1 27h.1c122.3 0 224.1-99.6 224.1-222 0-59.3-25.2-115-67.1-157zm-157 341.6c-33.2 0-65.7-8.9-94-25.7l-6.7-4-69.8 18.3L72 359.2l-4.4-7c-18.5-29.4-28.2-63.3-28.2-98.2 0-101.7 82.8-184.5 184.6-184.5 49.3 0 95.6 19.2 130.4 54.1 34.8 34.9 56.2 81.2 56.1 130.5 0 101.8-84.9 184.6-186.6 184.6zm101.2-138.2c-5.5-2.8-32.8-16.2-37.9-18-5.1-1.9-8.8-2.8-12.5 2.8-3.7 5.6-14.3 18-17.6 21.8-3.2 3.7-6.5 4.2-12 1.4-32.6-16.3-54-29.1-75.5-66-5.7-9.8 5.7-9.1 16.3-30.3 1.8-3.7.9-6.9-.5-9.7-1.4-2.8-12.5-30.1-17.1-41.2-4.5-10.8-9.1-9.3-12.5-9.5-3.2-.2-6.9-.2-10.6-.2-3.7 0-9.7 1.4-14.8 6.9-5.1 5.6-19.4 19-19.4 46.3 0 27.3 19.9 53.7 22.6 57.4 2.8 3.7 39.1 59.7 94.8 83.8 35.2 15.2 49 16.5 66.6 13.9 10.7-1.6 32.8-13.4 37.4-26.4 4.6-13 4.6-24.1 3.2-26.4-1.3-2.5-5-3.9-10.5-6.6z\"><\/path><\/svg>\t\t\t\t\t<\/a>\n\t\t\t\t<\/span>\n\t\t\t\t\t\t\t<span class=\"elementor-grid-item\">\n\t\t\t\t\t<a class=\"elementor-icon elementor-social-icon elementor-social-icon-envelope elementor-repeater-item-c85cd2f\" href=\"https:\/\/www.partidocolombiarenaciente.co\/web\/quienes-somos\/#acordeon\" target=\"_blank\">\n\t\t\t\t\t\t<span class=\"elementor-screen-only\">Envelope<\/span>\n\t\t\t\t\t\t<svg class=\"e-font-icon-svg e-far-envelope\" viewBox=\"0 0 512 512\" xmlns=\"http:\/\/www.w3.org\/2000\/svg\"><path d=\"M464 64H48C21.49 64 0 85.49 0 112v288c0 26.51 21.49 48 48 48h416c26.51 0 48-21.49 48-48V112c0-26.51-21.49-48-48-48zm0 48v40.805c-22.422 18.259-58.168 46.651-134.587 106.49-16.841 13.247-50.201 45.072-73.413 44.701-23.208.375-56.579-31.459-73.413-44.701C106.18 199.465 70.425 171.067 48 152.805V112h416zM48 400V214.398c22.914 18.251 55.409 43.862 104.938 82.646 21.857 17.205 60.134 55.186 103.062 54.955 42.717.231 80.509-37.199 103.053-54.947 49.528-38.783 82.032-64.401 104.947-82.653V400H48z\"><\/path><\/svg>\t\t\t\t\t<\/a>\n\t\t\t\t<\/span>\n\t\t\t\t\t\t\t<span class=\"elementor-grid-item\">\n\t\t\t\t\t<a class=\"elementor-icon elementor-social-icon elementor-social-icon-phone elementor-repeater-item-2ec6e34\" href=\"https:\/\/www.partidocolombiarenaciente.co\/web\/quienes-somos\/#acordeon\" target=\"_blank\">\n\t\t\t\t\t\t<span class=\"elementor-screen-only\">Phone<\/span>\n\t\t\t\t\t\t<svg class=\"e-font-icon-svg e-fas-phone\" viewBox=\"0 0 512 512\" xmlns=\"http:\/\/www.w3.org\/2000\/svg\"><path d=\"M493.4 24.6l-104-24c-11.3-2.6-22.9 3.3-27.5 13.9l-48 112c-4.2 9.8-1.4 21.3 6.9 28l60.6 49.6c-36 76.7-98.9 140.5-177.2 177.2l-49.6-60.6c-6.8-8.3-18.2-11.1-28-6.9l-112 48C3.9 366.5-2 378.1.6 389.4l24 104C27.1 504.2 36.7 512 48 512c256.1 0 464-207.5 464-464 0-11.2-7.7-20.9-18.6-23.4z\"><\/path><\/svg>\t\t\t\t\t<\/a>\n\t\t\t\t<\/span>\n\t\t\t\t\t\t\t<span class=\"elementor-grid-item\">\n\t\t\t\t\t<a class=\"elementor-icon elementor-social-icon elementor-social-icon-youtube elementor-repeater-item-025d9d5\" href=\"https:\/\/www.youtube.com\/@partidocolombiarenaciente\" target=\"_blank\">\n\t\t\t\t\t\t<span class=\"elementor-screen-only\">Youtube<\/span>\n\t\t\t\t\t\t<svg class=\"e-font-icon-svg e-fab-youtube\" viewBox=\"0 0 576 512\" xmlns=\"http:\/\/www.w3.org\/2000\/svg\"><path d=\"M549.655 124.083c-6.281-23.65-24.787-42.276-48.284-48.597C458.781 64 288 64 288 64S117.22 64 74.629 75.486c-23.497 6.322-42.003 24.947-48.284 48.597-11.412 42.867-11.412 132.305-11.412 132.305s0 89.438 11.412 132.305c6.281 23.65 24.787 41.5 48.284 47.821C117.22 448 288 448 288 448s170.78 0 213.371-11.486c23.497-6.321 42.003-24.171 48.284-47.821 11.412-42.867 11.412-132.305 11.412-132.305s0-89.438-11.412-132.305zm-317.51 213.508V175.185l142.739 81.205-142.739 81.201z\"><\/path><\/svg>\t\t\t\t\t<\/a>\n\t\t\t\t<\/span>\n\t\t\t\t\t<\/div>\n\t\t\t\t\t\t<\/div>\n\t\t\t\t<\/div>\n\t\t\t\t\t<\/div>\n\t\t<\/div>\n\t\t\t\t\t<\/div>\n\t\t<\/section>\n\t\t\t\t<\/div>\n\t\t","protected":false},"excerpt":{"rendered":"<p>#SomosunoconTodos Ubuntu Centro de pensamiento El Centro de Pensamiento Ubuntu es el \u00f3rgano misional del partido pol\u00edtico Colombia Renaciente encargado de construir y liderar la plataforma ideol\u00f3gica del partido, posicionar la filosof\u00eda Ubuntu y lograr el empoderamiento, desarrollo y visibilizaci\u00f3n de la comunidad Afrocolombiana. Objetivo Lorem ipsum dolor sit amet, consectetur adipiscing elit. Ut elit [&hellip;]<\/p>\n","protected":false},"author":2,"featured_media":0,"parent":0,"menu_order":0,"comment_status":"closed","ping_status":"closed","template":"","meta":{"_monsterinsights_skip_tracking":false,"_monsterinsights_sitenote_active":false,"_monsterinsights_sitenote_note":"","_monsterinsights_sitenote_category":0,"site-sidebar-layout":"no-sidebar","site-content-layout":"page-builder","ast-site-content-layout":"","site-content-style":"default","site-sidebar-style":"default","ast-global-header-display":"","ast-banner-title-visibility":"","ast-main-header-display":"","ast-hfb-above-header-display":"","ast-hfb-below-header-display":"","ast-hfb-mobile-header-display":"","site-post-title":"disabled","ast-breadcrumbs-content":"","ast-featured-img":"disabled","footer-sml-layout":"","theme-transparent-header-meta":"disabled","adv-header-id-meta":"","stick-header-meta":"default","header-above-stick-meta":"","header-main-stick-meta":"","header-below-stick-meta":"","astra-migrate-meta-layouts":"default","ast-page-background-enabled":"default","ast-page-background-meta":{"desktop":{"background-color":"","background-image":"","background-repeat":"repeat","background-position":"center center","background-size":"auto","background-attachment":"scroll","background-type":"","background-media":"","overlay-type":"","overlay-color":"","overlay-opacity":"","overlay-gradient":""},"tablet":{"background-color":"","background-image":"","background-repeat":"repeat","background-position":"center center","background-size":"auto","background-attachment":"scroll","background-type":"","background-media":"","overlay-type":"","overlay-color":"","overlay-opacity":"","overlay-gradient":""},"mobile":{"background-color":"","background-image":"","background-repeat":"repeat","background-position":"center center","background-size":"auto","background-attachment":"scroll","background-type":"","background-media":"","overlay-type":"","overlay-color":"","overlay-opacity":"","overlay-gradient":""}},"ast-content-background-meta":{"desktop":{"background-color":"var(--ast-global-color-5)","background-image":"","background-repeat":"repeat","background-position":"center center","background-size":"auto","background-attachment":"scroll","background-type":"","background-media":"","overlay-type":"","overlay-color":"","overlay-opacity":"","overlay-gradient":""},"tablet":{"background-color":"var(--ast-global-color-5)","background-image":"","background-repeat":"repeat","background-position":"center center","background-size":"auto","background-attachment":"scroll","background-type":"","background-media":"","overlay-type":"","overlay-color":"","overlay-opacity":"","overlay-gradient":""},"mobile":{"background-color":"var(--ast-global-color-5)","background-image":"","background-repeat":"repeat","background-position":"center center","background-size":"auto","background-attachment":"scroll","background-type":"","background-media":"","overlay-type":"","overlay-color":"","overlay-opacity":"","overlay-gradient":""}},"footnotes":""},"aioseo_notices":[],"_links":{"self":[{"href":"https:\/\/www.partidocolombiarenaciente.co\/web\/wp-json\/wp\/v2\/pages\/633"}],"collection":[{"href":"https:\/\/www.partidocolombiarenaciente.co\/web\/wp-json\/wp\/v2\/pages"}],"about":[{"href":"https:\/\/www.partidocolombiarenaciente.co\/web\/wp-json\/wp\/v2\/types\/page"}],"author":[{"embeddable":true,"href":"https:\/\/www.partidocolombiarenaciente.co\/web\/wp-json\/wp\/v2\/users\/2"}],"replies":[{"embeddable":true,"href":"https:\/\/www.partidocolombiarenaciente.co\/web\/wp-json\/wp\/v2\/comments?post=633"}],"version-history":[{"count":155,"href":"https:\/\/www.partidocolombiarenaciente.co\/web\/wp-json\/wp\/v2\/pages\/633\/revisions"}],"predecessor-version":[{"id":12410,"href":"https:\/\/www.partidocolombiarenaciente.co\/web\/wp-json\/wp\/v2\/pages\/633\/revisions\/12410"}],"wp:attachment":[{"href":"https:\/\/www.partidocolombiarenaciente.co\/web\/wp-json\/wp\/v2\/media?parent=633"}],"curies":[{"name":"wp","href":"https:\/\/api.w.org\/{rel}","templated":true}]}}